{"id":3571,"date":"2017-01-11T17:31:38","date_gmt":"2017-01-11T16:31:38","guid":{"rendered":"http:\/\/www.pfarre-ohlsdorf.at\/?page_id=3571"},"modified":"2025-09-04T12:25:36","modified_gmt":"2025-09-04T10:25:36","slug":"pfarrgemeinderat","status":"publish","type":"page","link":"https:\/\/www.pfarre-ohlsdorf.at\/?page_id=3571","title":{"rendered":"Pfarrgemeinderat"},"content":{"rendered":"<h3 style=\"text-align: center;\"><span style=\"color: #3366ff; font-family: comic sans ms,sans-serif;\">Der Pfarrgemeinderat Ohlsdorf stellt sich vor:<\/span><\/h3>\n<p>&nbsp;<\/p>\n<p style=\"text-align: center;\">Der Pfarrgemeinderat (PGR) wird auf 5 Jahre gew\u00e4hlt und ist das Leitungsgremium der Pfarre.<\/p>\n<p style=\"text-align: center;\">Er tr\u00e4gt die Verantwortung f\u00fcr das (Pfarr) Leben und die Entwicklung der Pfarrgemeinde. Zusammen mit dem Pfarrer gestalten gew\u00e4hlte und berufene Frauen und M\u00e4nner das Pfarrleben als Ausdruck der gemeinsamen Verantwortung aller Gl\u00e4ubigen der Pfarre.<\/p>\n<p style=\"text-align: center;\">Die Pfarrgemeinderatsmitglieder verstehen sich als Ansprechpartner f\u00fcr alle Pfarrangeh\u00f6rigen.<\/p>\n<p style=\"text-align: center;\">Dementsprechend werden Ihre Anliegen gerne entgegenommen.<\/p>\n<p>&nbsp;<\/p>\n<h5 style=\"text-align: center;\"><span style=\"font-family: comic sans ms,sans-serif;\"><strong><span style=\"text-decoration: underline;\">Mitglieder von Amts wegen:<\/span><\/strong><\/span><\/h5>\n<p>&nbsp;<\/p>\n<p style=\"text-align: center;\"><img loading=\"lazy\" decoding=\"async\" class=\"alignnone size-medium wp-image-9740\" src=\"https:\/\/www.pfarre-ohlsdorf.at\/wp-content\/uploads\/2022\/07\/DSC_0438-300x200.jpg\" alt=\"\" width=\"300\" height=\"200\" srcset=\"https:\/\/www.pfarre-ohlsdorf.at\/wp-content\/uploads\/2022\/07\/DSC_0438-300x200.jpg 300w, https:\/\/www.pfarre-ohlsdorf.at\/wp-content\/uploads\/2022\/07\/DSC_0438-1024x683.jpg 1024w, https:\/\/www.pfarre-ohlsdorf.at\/wp-content\/uploads\/2022\/07\/DSC_0438-768x512.jpg 768w, https:\/\/www.pfarre-ohlsdorf.at\/wp-content\/uploads\/2022\/07\/DSC_0438-1536x1024.jpg 1536w, https:\/\/www.pfarre-ohlsdorf.at\/wp-content\/uploads\/2022\/07\/DSC_0438-2048x1365.jpg 2048w\" sizes=\"auto, (max-width: 300px) 100vw, 300px\" \/><\/p>\n<h6 style=\"text-align: center;\">Pfarradministrator Samuel Ogwudile<\/h6>\n<h6>&nbsp;<\/h6>\n<p style=\"text-align: center;\"><img loading=\"lazy\" decoding=\"async\" class=\"alignnone size-medium wp-image-9736\" src=\"https:\/\/www.pfarre-ohlsdorf.at\/wp-content\/uploads\/2022\/07\/DSC_0429-300x200.jpg\" alt=\"\" width=\"300\" height=\"200\" srcset=\"https:\/\/www.pfarre-ohlsdorf.at\/wp-content\/uploads\/2022\/07\/DSC_0429-300x200.jpg 300w, https:\/\/www.pfarre-ohlsdorf.at\/wp-content\/uploads\/2022\/07\/DSC_0429-1024x683.jpg 1024w, https:\/\/www.pfarre-ohlsdorf.at\/wp-content\/uploads\/2022\/07\/DSC_0429-768x512.jpg 768w, https:\/\/www.pfarre-ohlsdorf.at\/wp-content\/uploads\/2022\/07\/DSC_0429-1536x1024.jpg 1536w, https:\/\/www.pfarre-ohlsdorf.at\/wp-content\/uploads\/2022\/07\/DSC_0429-2048x1365.jpg 2048w\" sizes=\"auto, (max-width: 300px) 100vw, 300px\" \/><\/p>\n<h6 style=\"text-align: center;\">Retschitzegger Heidi<\/h6>\n<p style=\"text-align: center;\">Leitung KFB<\/p>\n<p>&nbsp;<\/p>\n<h6 style=\"text-align: center;\">Schobesberger Tanja<\/h6>\n<p style=\"text-align: center;\">Leitung Ministranten<\/p>\n<hr>\n<h3 style=\"text-align: center;\"><span style=\"color: #3366ff;\">Gew\u00e4hlte Mitglieder:<br \/>\n<\/span><\/h3>\n<p style=\"text-align: center;\"><img loading=\"lazy\" decoding=\"async\" class=\"alignnone size-medium wp-image-9738\" src=\"https:\/\/www.pfarre-ohlsdorf.at\/wp-content\/uploads\/2022\/07\/DSC_0434-300x200.jpg\" alt=\"\" width=\"300\" height=\"200\" srcset=\"https:\/\/www.pfarre-ohlsdorf.at\/wp-content\/uploads\/2022\/07\/DSC_0434-300x200.jpg 300w, https:\/\/www.pfarre-ohlsdorf.at\/wp-content\/uploads\/2022\/07\/DSC_0434-1024x683.jpg 1024w, https:\/\/www.pfarre-ohlsdorf.at\/wp-content\/uploads\/2022\/07\/DSC_0434-768x512.jpg 768w, https:\/\/www.pfarre-ohlsdorf.at\/wp-content\/uploads\/2022\/07\/DSC_0434-1536x1024.jpg 1536w, https:\/\/www.pfarre-ohlsdorf.at\/wp-content\/uploads\/2022\/07\/DSC_0434-2048x1365.jpg 2048w\" sizes=\"auto, (max-width: 300px) 100vw, 300px\" \/><\/p>\n<h6 style=\"text-align: center;\">Pfl\u00fcgl-Maxwald Ingeborg<br \/>\nPGR-Obfrau<\/h6>\n<p style=\"text-align: center;\"><img loading=\"lazy\" decoding=\"async\" class=\"aligncenter wp-image-4045\" src=\"http:\/\/www.pfarre-ohlsdorf.at\/wp-content\/uploads\/2017\/01\/peiskammer-andrea-216x300.jpg\" alt=\"\" width=\"128\" height=\"177\" srcset=\"https:\/\/www.pfarre-ohlsdorf.at\/wp-content\/uploads\/2017\/01\/peiskammer-andrea-216x300.jpg 216w, https:\/\/www.pfarre-ohlsdorf.at\/wp-content\/uploads\/2017\/01\/peiskammer-andrea-768x1066.jpg 768w, https:\/\/www.pfarre-ohlsdorf.at\/wp-content\/uploads\/2017\/01\/peiskammer-andrea-737x1024.jpg 737w, https:\/\/www.pfarre-ohlsdorf.at\/wp-content\/uploads\/2017\/01\/peiskammer-andrea.jpg 1063w\" sizes=\"auto, (max-width: 128px) 100vw, 128px\" \/><\/p>\n<h6 style=\"text-align: center;\">Peiskammer Andrea<br \/>\nPGR-Obfrau Stellvertreterin<\/h6>\n<p>&nbsp;<\/p>\n<p><img loading=\"lazy\" decoding=\"async\" class=\"aligncenter wp-image-4048\" src=\"http:\/\/www.pfarre-ohlsdorf.at\/wp-content\/uploads\/2017\/01\/IMGP8394-e1493224038169-200x300.jpg\" alt=\"\" width=\"153\" height=\"230\" srcset=\"https:\/\/www.pfarre-ohlsdorf.at\/wp-content\/uploads\/2017\/01\/IMGP8394-e1493224038169-200x300.jpg 200w, https:\/\/www.pfarre-ohlsdorf.at\/wp-content\/uploads\/2017\/01\/IMGP8394-e1493224038169-768x1152.jpg 768w, https:\/\/www.pfarre-ohlsdorf.at\/wp-content\/uploads\/2017\/01\/IMGP8394-e1493224038169-683x1024.jpg 683w, https:\/\/www.pfarre-ohlsdorf.at\/wp-content\/uploads\/2017\/01\/IMGP8394-e1493224038169.jpg 1152w\" sizes=\"auto, (max-width: 153px) 100vw, 153px\" \/><\/p>\n<h6 style=\"text-align: center;\">Rouha-M\u00fclleder Cornelia<br \/>\nSchriftf\u00fchrerin<\/h6>\n<p>&nbsp;<\/p>\n<p style=\"text-align: center;\"><img loading=\"lazy\" decoding=\"async\" class=\"alignnone size-medium wp-image-9732\" src=\"https:\/\/www.pfarre-ohlsdorf.at\/wp-content\/uploads\/2022\/07\/DSC_0423-300x200.jpg\" alt=\"\" width=\"300\" height=\"200\" srcset=\"https:\/\/www.pfarre-ohlsdorf.at\/wp-content\/uploads\/2022\/07\/DSC_0423-300x200.jpg 300w, https:\/\/www.pfarre-ohlsdorf.at\/wp-content\/uploads\/2022\/07\/DSC_0423-1024x683.jpg 1024w, https:\/\/www.pfarre-ohlsdorf.at\/wp-content\/uploads\/2022\/07\/DSC_0423-768x512.jpg 768w, https:\/\/www.pfarre-ohlsdorf.at\/wp-content\/uploads\/2022\/07\/DSC_0423-1536x1024.jpg 1536w, https:\/\/www.pfarre-ohlsdorf.at\/wp-content\/uploads\/2022\/07\/DSC_0423-2048x1365.jpg 2048w\" sizes=\"auto, (max-width: 300px) 100vw, 300px\" \/><\/p>\n<p>&nbsp;<\/p>\n<h6 style=\"text-align: center;\">Ettinger Anna-Maria<\/h6>\n<h6 style=\"text-align: center;\">&nbsp;<\/h6>\n<p>&nbsp;<\/p>\n<p style=\"text-align: center;\"><img loading=\"lazy\" decoding=\"async\" class=\"alignnone size-medium wp-image-9735\" src=\"https:\/\/www.pfarre-ohlsdorf.at\/wp-content\/uploads\/2022\/07\/DSC_0428-300x200.jpg\" alt=\"\" width=\"300\" height=\"200\" srcset=\"https:\/\/www.pfarre-ohlsdorf.at\/wp-content\/uploads\/2022\/07\/DSC_0428-300x200.jpg 300w, https:\/\/www.pfarre-ohlsdorf.at\/wp-content\/uploads\/2022\/07\/DSC_0428-1024x683.jpg 1024w, https:\/\/www.pfarre-ohlsdorf.at\/wp-content\/uploads\/2022\/07\/DSC_0428-768x512.jpg 768w, https:\/\/www.pfarre-ohlsdorf.at\/wp-content\/uploads\/2022\/07\/DSC_0428-1536x1024.jpg 1536w, https:\/\/www.pfarre-ohlsdorf.at\/wp-content\/uploads\/2022\/07\/DSC_0428-2048x1365.jpg 2048w\" sizes=\"auto, (max-width: 300px) 100vw, 300px\" \/><\/p>\n<h6 style=\"text-align: center;\">F\u00fchrer Helga<\/h6>\n<p>&nbsp;<\/p>\n<p>&nbsp;<\/p>\n<p>&nbsp;<\/p>\n<p style=\"text-align: center;\"><img loading=\"lazy\" decoding=\"async\" class=\"alignnone size-medium wp-image-9734\" src=\"https:\/\/www.pfarre-ohlsdorf.at\/wp-content\/uploads\/2022\/07\/DSC_0425-300x200.jpg\" alt=\"\" width=\"300\" height=\"200\" srcset=\"https:\/\/www.pfarre-ohlsdorf.at\/wp-content\/uploads\/2022\/07\/DSC_0425-300x200.jpg 300w, https:\/\/www.pfarre-ohlsdorf.at\/wp-content\/uploads\/2022\/07\/DSC_0425-1024x683.jpg 1024w, https:\/\/www.pfarre-ohlsdorf.at\/wp-content\/uploads\/2022\/07\/DSC_0425-768x512.jpg 768w, https:\/\/www.pfarre-ohlsdorf.at\/wp-content\/uploads\/2022\/07\/DSC_0425-1536x1024.jpg 1536w, https:\/\/www.pfarre-ohlsdorf.at\/wp-content\/uploads\/2022\/07\/DSC_0425-2048x1365.jpg 2048w\" sizes=\"auto, (max-width: 300px) 100vw, 300px\" \/><\/p>\n<h6 style=\"text-align: center;\">Kuttner Ernst<\/h6>\n<p>&nbsp;<\/p>\n<p><img loading=\"lazy\" decoding=\"async\" class=\"aligncenter wp-image-4019\" src=\"http:\/\/www.pfarre-ohlsdorf.at\/wp-content\/uploads\/2017\/01\/Maxwald-Karl-300x200.jpg\" alt=\"\" width=\"286\" height=\"190\" srcset=\"https:\/\/www.pfarre-ohlsdorf.at\/wp-content\/uploads\/2017\/01\/Maxwald-Karl-300x200.jpg 300w, https:\/\/www.pfarre-ohlsdorf.at\/wp-content\/uploads\/2017\/01\/Maxwald-Karl-768x512.jpg 768w, https:\/\/www.pfarre-ohlsdorf.at\/wp-content\/uploads\/2017\/01\/Maxwald-Karl.jpg 1024w\" sizes=\"auto, (max-width: 286px) 100vw, 286px\" \/><\/p>\n<h6 style=\"text-align: center;\">Maxwald Karl<\/h6>\n<p style=\"text-align: center;\">Fa Finanzen<\/p>\n<p><img loading=\"lazy\" decoding=\"async\" class=\"aligncenter wp-image-4020\" src=\"http:\/\/www.pfarre-ohlsdorf.at\/wp-content\/uploads\/2017\/01\/maxwald-kurt-300x200.jpg\" alt=\"\" width=\"260\" height=\"173\" srcset=\"https:\/\/www.pfarre-ohlsdorf.at\/wp-content\/uploads\/2017\/01\/maxwald-kurt-300x200.jpg 300w, https:\/\/www.pfarre-ohlsdorf.at\/wp-content\/uploads\/2017\/01\/maxwald-kurt-768x512.jpg 768w, https:\/\/www.pfarre-ohlsdorf.at\/wp-content\/uploads\/2017\/01\/maxwald-kurt.jpg 1024w\" sizes=\"auto, (max-width: 260px) 100vw, 260px\" \/><\/p>\n<h6 style=\"text-align: center;\">Maxwald Kurt<\/h6>\n<p style=\"text-align: center;\">Fa Finanzen<\/p>\n<p>&nbsp;<\/p>\n<h6 style=\"text-align: center;\">Maxwald Lisa<\/h6>\n<p>&nbsp;<\/p>\n<h6 style=\"text-align: center;\"><img loading=\"lazy\" decoding=\"async\" class=\"alignnone size-medium wp-image-9742\" src=\"https:\/\/www.pfarre-ohlsdorf.at\/wp-content\/uploads\/2022\/07\/DSC_0414-300x200.jpg\" alt=\"\" width=\"300\" height=\"200\" srcset=\"https:\/\/www.pfarre-ohlsdorf.at\/wp-content\/uploads\/2022\/07\/DSC_0414-300x200.jpg 300w, https:\/\/www.pfarre-ohlsdorf.at\/wp-content\/uploads\/2022\/07\/DSC_0414-1024x683.jpg 1024w, https:\/\/www.pfarre-ohlsdorf.at\/wp-content\/uploads\/2022\/07\/DSC_0414-768x512.jpg 768w, https:\/\/www.pfarre-ohlsdorf.at\/wp-content\/uploads\/2022\/07\/DSC_0414-1536x1024.jpg 1536w, https:\/\/www.pfarre-ohlsdorf.at\/wp-content\/uploads\/2022\/07\/DSC_0414-2048x1365.jpg 2048w\" sizes=\"auto, (max-width: 300px) 100vw, 300px\" \/><\/h6>\n<p>&nbsp;<\/p>\n<h6 style=\"text-align: center;\">Pesendorfer Sabine<\/h6>\n<p>&nbsp;<\/p>\n<h6 style=\"text-align: center;\">&nbsp;<\/h6>\n<p><img loading=\"lazy\" decoding=\"async\" class=\"aligncenter wp-image-4022\" src=\"http:\/\/www.pfarre-ohlsdorf.at\/wp-content\/uploads\/2017\/01\/IMGP8337-e1492969677496-200x300.jpg\" alt=\"\" width=\"165\" height=\"248\" srcset=\"https:\/\/www.pfarre-ohlsdorf.at\/wp-content\/uploads\/2017\/01\/IMGP8337-e1492969677496-200x300.jpg 200w, https:\/\/www.pfarre-ohlsdorf.at\/wp-content\/uploads\/2017\/01\/IMGP8337-e1492969677496-768x1152.jpg 768w, https:\/\/www.pfarre-ohlsdorf.at\/wp-content\/uploads\/2017\/01\/IMGP8337-e1492969677496-683x1024.jpg 683w, https:\/\/www.pfarre-ohlsdorf.at\/wp-content\/uploads\/2017\/01\/IMGP8337-e1492969677496.jpg 1152w\" sizes=\"auto, (max-width: 165px) 100vw, 165px\" \/><\/p>\n<h6 style=\"text-align: center;\">Raschke Siegmund<\/h6>\n<h6 style=\"text-align: center;\">&nbsp;<\/h6>\n<p>&nbsp;<\/p>\n<p style=\"text-align: center;\"><img loading=\"lazy\" decoding=\"async\" class=\"alignnone size-medium wp-image-9733\" src=\"https:\/\/www.pfarre-ohlsdorf.at\/wp-content\/uploads\/2022\/07\/DSC_0424-300x200.jpg\" alt=\"\" width=\"300\" height=\"200\" srcset=\"https:\/\/www.pfarre-ohlsdorf.at\/wp-content\/uploads\/2022\/07\/DSC_0424-300x200.jpg 300w, https:\/\/www.pfarre-ohlsdorf.at\/wp-content\/uploads\/2022\/07\/DSC_0424-1024x683.jpg 1024w, https:\/\/www.pfarre-ohlsdorf.at\/wp-content\/uploads\/2022\/07\/DSC_0424-768x512.jpg 768w, https:\/\/www.pfarre-ohlsdorf.at\/wp-content\/uploads\/2022\/07\/DSC_0424-1536x1024.jpg 1536w, https:\/\/www.pfarre-ohlsdorf.at\/wp-content\/uploads\/2022\/07\/DSC_0424-2048x1365.jpg 2048w\" sizes=\"auto, (max-width: 300px) 100vw, 300px\" \/><\/p>\n<h6 style=\"text-align: center;\">Schausberger Gabriele<\/h6>\n<p>&nbsp;<\/p>\n<h6 style=\"text-align: center;\"><img loading=\"lazy\" decoding=\"async\" class=\"alignnone size-medium wp-image-9731\" src=\"https:\/\/www.pfarre-ohlsdorf.at\/wp-content\/uploads\/2022\/07\/DSC_0422-300x200.jpg\" alt=\"\" width=\"300\" height=\"200\" srcset=\"https:\/\/www.pfarre-ohlsdorf.at\/wp-content\/uploads\/2022\/07\/DSC_0422-300x200.jpg 300w, https:\/\/www.pfarre-ohlsdorf.at\/wp-content\/uploads\/2022\/07\/DSC_0422-1024x683.jpg 1024w, https:\/\/www.pfarre-ohlsdorf.at\/wp-content\/uploads\/2022\/07\/DSC_0422-768x512.jpg 768w, https:\/\/www.pfarre-ohlsdorf.at\/wp-content\/uploads\/2022\/07\/DSC_0422-1536x1024.jpg 1536w, https:\/\/www.pfarre-ohlsdorf.at\/wp-content\/uploads\/2022\/07\/DSC_0422-2048x1365.jpg 2048w\" sizes=\"auto, (max-width: 300px) 100vw, 300px\" \/><\/h6>\n<h6 style=\"text-align: center;\">Schobesberger Christine<\/h6>\n<p>&nbsp;<\/p>\n<p style=\"text-align: center;\"><img loading=\"lazy\" decoding=\"async\" class=\"alignnone size-medium wp-image-9737\" src=\"https:\/\/www.pfarre-ohlsdorf.at\/wp-content\/uploads\/2022\/07\/DSC_0432-300x200.jpg\" alt=\"\" width=\"300\" height=\"200\" srcset=\"https:\/\/www.pfarre-ohlsdorf.at\/wp-content\/uploads\/2022\/07\/DSC_0432-300x200.jpg 300w, https:\/\/www.pfarre-ohlsdorf.at\/wp-content\/uploads\/2022\/07\/DSC_0432-1024x683.jpg 1024w, https:\/\/www.pfarre-ohlsdorf.at\/wp-content\/uploads\/2022\/07\/DSC_0432-768x512.jpg 768w, https:\/\/www.pfarre-ohlsdorf.at\/wp-content\/uploads\/2022\/07\/DSC_0432-1536x1024.jpg 1536w, https:\/\/www.pfarre-ohlsdorf.at\/wp-content\/uploads\/2022\/07\/DSC_0432-2048x1365.jpg 2048w\" sizes=\"auto, (max-width: 300px) 100vw, 300px\" \/><\/p>\n<h6 style=\"text-align: center;\">Sch\u00f6gl Gerlinde<\/h6>\n<p>&nbsp;<\/p>\n<h6 style=\"text-align: center;\">Stadlmayr Sebastian<\/h6>\n<p>&nbsp;<\/p>\n<p>&nbsp;<\/p>\n","protected":false},"excerpt":{"rendered":"<p>Der Pfarrgemeinderat Ohlsdorf stellt sich vor: &nbsp; Der Pfarrgemeinderat (PGR) wird auf 5 Jahre gew\u00e4hlt und ist das Leitungsgremium der Pfarre. Er tr\u00e4gt die Verantwortung f\u00fcr das (Pfarr) Leben und die Entwicklung der Pfarrgemeinde. Zusammen mit dem Pfarrer gestalten gew\u00e4hlte und berufene Frauen und M\u00e4nner das Pfarrleben als Ausdruck der gemeinsamen Verantwortung aller Gl\u00e4ubigen der Pfarre. Die Pfarrgemeinderatsmitglieder verstehen sich<\/p>\n","protected":false},"author":2,"featured_media":0,"parent":40,"menu_order":1,"comment_status":"closed","ping_status":"closed","template":"","meta":{"ngg_post_thumbnail":0,"_mc_calendar":[],"footnotes":""},"class_list":["post-3571","page","type-page","status-publish","hentry"],"_links":{"self":[{"href":"https:\/\/www.pfarre-ohlsdorf.at\/index.php?rest_route=\/wp\/v2\/pages\/3571","targetHints":{"allow":["GET"]}}],"collection":[{"href":"https:\/\/www.pfarre-ohlsdorf.at\/index.php?rest_route=\/wp\/v2\/pages"}],"about":[{"href":"https:\/\/www.pfarre-ohlsdorf.at\/index.php?rest_route=\/wp\/v2\/types\/page"}],"author":[{"embeddable":true,"href":"https:\/\/www.pfarre-ohlsdorf.at\/index.php?rest_route=\/wp\/v2\/users\/2"}],"replies":[{"embeddable":true,"href":"https:\/\/www.pfarre-ohlsdorf.at\/index.php?rest_route=%2Fwp%2Fv2%2Fcomments&post=3571"}],"version-history":[{"count":46,"href":"https:\/\/www.pfarre-ohlsdorf.at\/index.php?rest_route=\/wp\/v2\/pages\/3571\/revisions"}],"predecessor-version":[{"id":13213,"href":"https:\/\/www.pfarre-ohlsdorf.at\/index.php?rest_route=\/wp\/v2\/pages\/3571\/revisions\/13213"}],"up":[{"embeddable":true,"href":"https:\/\/www.pfarre-ohlsdorf.at\/index.php?rest_route=\/wp\/v2\/pages\/40"}],"wp:attachment":[{"href":"https:\/\/www.pfarre-ohlsdorf.at\/index.php?rest_route=%2Fwp%2Fv2%2Fmedia&parent=3571"}],"curies":[{"name":"wp","href":"https:\/\/api.w.org\/{rel}","templated":true}]}}