{"id":458,"date":"2013-07-25T12:33:50","date_gmt":"2013-07-25T12:33:50","guid":{"rendered":"http:\/\/www.pfarre-ohlsdorf.at\/?page_id=458"},"modified":"2014-12-09T15:46:52","modified_gmt":"2014-12-09T14:46:52","slug":"ministrantinnen","status":"publish","type":"page","link":"https:\/\/www.pfarre-ohlsdorf.at\/?page_id=458","title":{"rendered":"Ministrant\/innen"},"content":{"rendered":"<p><a href=\"http:\/\/www.pfarre-ohlsdorf.at\/wp-content\/uploads\/2013\/07\/Ministranten.jpg\"><img loading=\"lazy\" decoding=\"async\" class=\"aligncenter  wp-image-1510\" src=\"http:\/\/www.pfarre-ohlsdorf.at\/wp-content\/uploads\/2014\/11\/P1180777klein-300x225.jpg\" alt=\"P1180777klein\" width=\"208\" height=\"156\" srcset=\"https:\/\/www.pfarre-ohlsdorf.at\/wp-content\/uploads\/2014\/11\/P1180777klein-300x225.jpg 300w, https:\/\/www.pfarre-ohlsdorf.at\/wp-content\/uploads\/2014\/11\/P1180777klein.jpg 800w\" sizes=\"auto, (max-width: 208px) 100vw, 208px\" \/><img loading=\"lazy\" decoding=\"async\" class=\" wp-image-459 aligncenter\" src=\"http:\/\/www.pfarre-ohlsdorf.at\/wp-content\/uploads\/2013\/07\/Ministranten.jpg\" alt=\"OLYMPUS DIGITAL CAMERA\" width=\"200\" height=\"151\" \/><\/a><\/p>\n<p>Zum \u201eDienst am Altar\u201c werden M\u00e4dchen und Buben ab der\u00a0Erstkommunion gerne aufgenommen.<\/p>\n<p>Der liturgische Dienst und die Zugeh\u00f6rigkeit zu einer Gemeinschaft bieten jungen Menschen die Chance, immer mehr in unsere Kirche hineinzuwachsen.<\/p>\n<p>Wir freuen uns dar\u00fcber und sind dankbar, dass viele M\u00e4dchen und Burschen diesen Dienst aus\u00fcben. Denn junge Leute d\u00fcrfen in einer lebendigen Pfarre nicht fehlen<\/p>\n","protected":false},"excerpt":{"rendered":"<p>Zum \u201eDienst am Altar\u201c werden M\u00e4dchen und Buben ab der\u00a0Erstkommunion gerne aufgenommen. Der liturgische Dienst und die Zugeh\u00f6rigkeit zu einer Gemeinschaft bieten jungen Menschen die Chance, immer mehr in unsere Kirche hineinzuwachsen. Wir freuen uns dar\u00fcber und sind dankbar, dass viele M\u00e4dchen und Burschen diesen Dienst aus\u00fcben. Denn junge Leute d\u00fcrfen in einer lebendigen Pfarre nicht fehlen<\/p>\n","protected":false},"author":2,"featured_media":0,"parent":359,"menu_order":0,"comment_status":"closed","ping_status":"closed","template":"","meta":{"ngg_post_thumbnail":0,"_mc_calendar":[],"footnotes":""},"class_list":["post-458","page","type-page","status-publish","hentry"],"_links":{"self":[{"href":"https:\/\/www.pfarre-ohlsdorf.at\/index.php?rest_route=\/wp\/v2\/pages\/458","targetHints":{"allow":["GET"]}}],"collection":[{"href":"https:\/\/www.pfarre-ohlsdorf.at\/index.php?rest_route=\/wp\/v2\/pages"}],"about":[{"href":"https:\/\/www.pfarre-ohlsdorf.at\/index.php?rest_route=\/wp\/v2\/types\/page"}],"author":[{"embeddable":true,"href":"https:\/\/www.pfarre-ohlsdorf.at\/index.php?rest_route=\/wp\/v2\/users\/2"}],"replies":[{"embeddable":true,"href":"https:\/\/www.pfarre-ohlsdorf.at\/index.php?rest_route=%2Fwp%2Fv2%2Fcomments&post=458"}],"version-history":[{"count":3,"href":"https:\/\/www.pfarre-ohlsdorf.at\/index.php?rest_route=\/wp\/v2\/pages\/458\/revisions"}],"predecessor-version":[{"id":1555,"href":"https:\/\/www.pfarre-ohlsdorf.at\/index.php?rest_route=\/wp\/v2\/pages\/458\/revisions\/1555"}],"up":[{"embeddable":true,"href":"https:\/\/www.pfarre-ohlsdorf.at\/index.php?rest_route=\/wp\/v2\/pages\/359"}],"wp:attachment":[{"href":"https:\/\/www.pfarre-ohlsdorf.at\/index.php?rest_route=%2Fwp%2Fv2%2Fmedia&parent=458"}],"curies":[{"name":"wp","href":"https:\/\/api.w.org\/{rel}","templated":true}]}}