{"id":795,"date":"2013-10-30T10:47:13","date_gmt":"2013-10-30T09:47:13","guid":{"rendered":"http:\/\/www.pfarre-ohlsdorf.at\/?page_id=795"},"modified":"2017-08-28T18:05:43","modified_gmt":"2017-08-28T16:05:43","slug":"kindergedenkstatte","status":"publish","type":"page","link":"https:\/\/www.pfarre-ohlsdorf.at\/?page_id=795","title":{"rendered":"Kindergedenkst\u00e4tte"},"content":{"rendered":"<p>&nbsp;<\/p>\n<p align=\"center\"><b><i>Kinder-Gedenkst\u00e4tte<\/i><\/b><\/p>\n<p>\u00a0Unter Mithilfe vieler freiwilliger Helfer konnte nun auf unserem Friedhof die neue Gedenkst\u00e4tte f\u00fcr die fr\u00fch verstorbenen, auch f\u00fcr die abgetriebenen Kinder fertig gestellt werden.<\/p>\n<p>Sie liegt, vom Friedhofeingang aus gesehen, an der linken oberen Friedhofmauer und wurde bewusst ganz einfach, als kleiner Alpengarten, angelegt. In der Mitte liegt ein gro\u00dfer \u201eTraunstein\u201c mit einem schmiedeeisernen Gipfelkreuz, links daneben eine Gedenktafel aus Trausteinmarmor, beschriftet mit dem Gedenkspruch:<\/p>\n<p>\u201eIhr Kinder seid bei Gott und in unseren Herzen in Liebe geborgen.\u201c<\/p>\n<p>Rings herum sind verschiedene Alpenblumen und kleine Str\u00e4ucher gepflanzt. Dazwischen sind begehbare Fl\u00e4chen, die mit Rieselschotter abgedeckt sind und Platz bieten f\u00fcr kleine Lichter, welche die Besucher hier entz\u00fcnden k\u00f6nnen.<\/p>\n<p>Die Gedenkst\u00e4tte wird beim Friedhofgang am Allerheiligentag, 1. November 2013 von unserem neuen Pfarrer Pater Alois Parzmair gesegnet und eingeweiht.<\/p>\n<p>Wir sagen herzlichen Dank an folgende Helfer:<\/p>\n<p>Frau B\u00fcrgermeister Christine Eisner,<\/p>\n<p>Siegmund Raschke,<\/p>\n<p>Ernst Stockhammer,<\/p>\n<p>Josef Hainbuchner, Josef Windischbauer (Transporte, Baggerungen),<\/p>\n<p>Familie Enichlmayr, Ehrenfeld (Steinmaterial),<\/p>\n<p>Firma Litringer Laakirchen (Steinplatte),<\/p>\n<p>Alois Hartleitner (Beschriftung),<\/p>\n<p>Franz Starzinger (Schmiedeeisenkreuz),<\/p>\n<p>Werner Gruber, Kleinreith f\u00fcr Beratung bez\u00fcglich der Anlage des Alpengartens,<\/p>\n<p>Gabi Schausberger, Hafendorf, f\u00fcr das Setzen der Pflanzen und die weitere Pflegen der Anlage.<\/p>\n<p>An alle, auch an die hier nicht Genannten, ein herzliches:<\/p>\n<p><strong>\u201eVergelt\u2019s Gott!\u201c<\/strong><\/p>\n<p><a href=\"http:\/\/www.pfarre-ohlsdorf.at\/wp-content\/uploads\/2013\/10\/1.Foto_1.jpg\"><img decoding=\"async\" class=\"aligncenter size-medium wp-image-782\" alt=\"1.Foto\" src=\"http:\/\/www.pfarre-ohlsdorf.at\/wp-content\/uploads\/2013\/10\/1.Foto_1.jpg\" \/><\/a> <a href=\"http:\/\/www.pfarre-ohlsdorf.at\/wp-content\/uploads\/2013\/10\/2.Foto_.jpg\"><img decoding=\"async\" class=\"aligncenter size-medium wp-image-781\" alt=\"2.Foto\" src=\"http:\/\/www.pfarre-ohlsdorf.at\/wp-content\/uploads\/2013\/10\/2.Foto_.jpg\" \/><\/a> <a href=\"http:\/\/www.pfarre-ohlsdorf.at\/wp-content\/uploads\/2013\/10\/1.Foto_.jpg\"><img decoding=\"async\" class=\"aligncenter size-medium wp-image-780\" alt=\"1.Foto\" src=\"http:\/\/www.pfarre-ohlsdorf.at\/wp-content\/uploads\/2013\/10\/1.Foto_.jpg\" \/><\/a><\/p>\n","protected":false},"excerpt":{"rendered":"<p>&nbsp; Kinder-Gedenkst\u00e4tte \u00a0Unter Mithilfe vieler freiwilliger Helfer konnte nun auf unserem Friedhof die neue Gedenkst\u00e4tte f\u00fcr die fr\u00fch verstorbenen, auch f\u00fcr die abgetriebenen Kinder fertig gestellt werden. Sie liegt, vom Friedhofeingang aus gesehen, an der linken oberen Friedhofmauer und wurde bewusst ganz einfach, als kleiner Alpengarten, angelegt. In der Mitte liegt ein gro\u00dfer \u201eTraunstein\u201c mit einem schmiedeeisernen Gipfelkreuz, links daneben<\/p>\n","protected":false},"author":2,"featured_media":0,"parent":309,"menu_order":19,"comment_status":"closed","ping_status":"closed","template":"","meta":{"ngg_post_thumbnail":0,"_mc_calendar":[],"footnotes":""},"class_list":["post-795","page","type-page","status-publish","hentry"],"_links":{"self":[{"href":"https:\/\/www.pfarre-ohlsdorf.at\/index.php?rest_route=\/wp\/v2\/pages\/795","targetHints":{"allow":["GET"]}}],"collection":[{"href":"https:\/\/www.pfarre-ohlsdorf.at\/index.php?rest_route=\/wp\/v2\/pages"}],"about":[{"href":"https:\/\/www.pfarre-ohlsdorf.at\/index.php?rest_route=\/wp\/v2\/types\/page"}],"author":[{"embeddable":true,"href":"https:\/\/www.pfarre-ohlsdorf.at\/index.php?rest_route=\/wp\/v2\/users\/2"}],"replies":[{"embeddable":true,"href":"https:\/\/www.pfarre-ohlsdorf.at\/index.php?rest_route=%2Fwp%2Fv2%2Fcomments&post=795"}],"version-history":[{"count":4,"href":"https:\/\/www.pfarre-ohlsdorf.at\/index.php?rest_route=\/wp\/v2\/pages\/795\/revisions"}],"predecessor-version":[{"id":1051,"href":"https:\/\/www.pfarre-ohlsdorf.at\/index.php?rest_route=\/wp\/v2\/pages\/795\/revisions\/1051"}],"up":[{"embeddable":true,"href":"https:\/\/www.pfarre-ohlsdorf.at\/index.php?rest_route=\/wp\/v2\/pages\/309"}],"wp:attachment":[{"href":"https:\/\/www.pfarre-ohlsdorf.at\/index.php?rest_route=%2Fwp%2Fv2%2Fmedia&parent=795"}],"curies":[{"name":"wp","href":"https:\/\/api.w.org\/{rel}","templated":true}]}}